{"id":12019,"date":"2024-02-13T11:36:52","date_gmt":"2024-02-13T11:36:52","guid":{"rendered":"https:\/\/demo9.inetproductions.be\/product\/plateau-de-beille-les-cabannes\/"},"modified":"2024-05-09T12:27:03","modified_gmt":"2024-05-09T12:27:03","slug":"plateau-de-beille-les-cabannes","status":"publish","type":"product","link":"https:\/\/www.cyclosouvenir.be\/fr\/produit\/plateau-de-beille-les-cabannes\/","title":{"rendered":"Plateau de Beille &#8211; Les Cabannes"},"content":{"rendered":"","protected":false},"excerpt":{"rendered":"<p>Le Plateau de Beille est une station de sports d&rsquo;hiver situ\u00e9e dans les Pyr\u00e9n\u00e9es fran\u00e7aises. La ville est situ\u00e9e dans la r\u00e9gion Occitanie, dans le d\u00e9partement de l&rsquo;Ari\u00e8ge.<\/p>\n<p>Le Plateau de Beille a \u00e9t\u00e9 six fois le point d&rsquo;arriv\u00e9e du Tour de France. Les trois premi\u00e8res fois, c&rsquo;est le futur vainqueur du Tour qui a remport\u00e9 l&rsquo;\u00e9tape. En 1998, Marco Pantani a remport\u00e9 l&rsquo;arriv\u00e9e en c\u00f4te. Lors du Tour 2007, c&rsquo;est Alberto Contador qui a r\u00e9ussi \u00e0 battre Michael Rasmussen au sprint. En 2011 \u00e9galement, le Plateau de Beille a \u00e9t\u00e9 inclus comme lieu d&rsquo;arriv\u00e9e et c&rsquo;est l\u00e0 que Jelle Vanendert a franchi la ligne en premier.<\/p>\n<p>Lance Armstrong a \u00e9galement gagn\u00e9 sur le Plateau de Beille (deux fois m\u00eame), mais apr\u00e8s que ses 7 victoires sur le Tour lui ont \u00e9t\u00e9 retir\u00e9es, ces 2 victoires d&rsquo;\u00e9tape ont \u00e9galement \u00e9t\u00e9 perdues. Wikip\u00e9dia<\/p>\n","protected":false},"featured_media":174,"comment_status":"closed","ping_status":"closed","template":"","meta":{"_et_pb_use_builder":"","_et_pb_old_content":"","_et_gb_content_width":""},"product_brand":[],"product_cat":[3503,3560,306],"product_tag":[],"class_list":{"0":"post-12019","1":"product","2":"type-product","3":"status-publish","4":"has-post-thumbnail","6":"product_cat-france-fr-2","7":"product_cat-les-pyrenees","8":"product_cat-bornes","9":"tm-has-options","11":"first","12":"instock","13":"taxable","14":"shipping-taxable","15":"purchasable","16":"product-type-simple"},"yoast_head":"<!-- This site is optimized with the Yoast SEO plugin v26.2 - https:\/\/yoast.com\/wordpress\/plugins\/seo\/ -->\n<title>Plateau de Beille - Les Cabannes - Cyclosouvenir<\/title>\n<meta name=\"robots\" content=\"index, follow, max-snippet:-1, max-image-preview:large, max-video-preview:-1\" \/>\n<link rel=\"canonical\" href=\"https:\/\/www.cyclosouvenir.be\/fr\/produit\/plateau-de-beille-les-cabannes\/\" \/>\n<meta property=\"og:locale\" content=\"fr_FR\" \/>\n<meta property=\"og:type\" content=\"article\" \/>\n<meta property=\"og:title\" content=\"Plateau de Beille - Les Cabannes - Cyclosouvenir\" \/>\n<meta property=\"og:description\" content=\"Le Plateau de Beille est une station de sports d&#039;hiver situ\u00e9e dans les Pyr\u00e9n\u00e9es fran\u00e7aises. La ville est situ\u00e9e dans la r\u00e9gion Occitanie, dans le d\u00e9partement de l&#039;Ari\u00e8ge. Le Plateau de Beille a \u00e9t\u00e9 six fois le point d&#039;arriv\u00e9e du Tour de France. Les trois premi\u00e8res fois, c&#039;est le futur vainqueur du Tour qui a remport\u00e9 l&#039;\u00e9tape. En 1998, Marco Pantani a remport\u00e9 l&#039;arriv\u00e9e en c\u00f4te. Lors du Tour 2007, c&#039;est Alberto Contador qui a r\u00e9ussi \u00e0 battre Michael Rasmussen au sprint. En 2011 \u00e9galement, le Plateau de Beille a \u00e9t\u00e9 inclus comme lieu d&#039;arriv\u00e9e et c&#039;est l\u00e0 que Jelle Vanendert a franchi la ligne en premier. Lance Armstrong a \u00e9galement gagn\u00e9 sur le Plateau de Beille (deux fois m\u00eame), mais apr\u00e8s que ses 7 victoires sur le Tour lui ont \u00e9t\u00e9 retir\u00e9es, ces 2 victoires d&#039;\u00e9tape ont \u00e9galement \u00e9t\u00e9 perdues. Wikip\u00e9dia\" \/>\n<meta property=\"og:url\" content=\"https:\/\/www.cyclosouvenir.be\/fr\/produit\/plateau-de-beille-les-cabannes\/\" \/>\n<meta property=\"og:site_name\" content=\"Cyclosouvenir\" \/>\n<meta property=\"article:modified_time\" content=\"2024-05-09T12:27:03+00:00\" \/>\n<meta property=\"og:image\" content=\"https:\/\/www.cyclosouvenir.be\/wp-content\/uploads\/2024\/02\/Plateau_de_Beille_Les_Cabannes.png\" \/>\n\t<meta property=\"og:image:width\" content=\"250\" \/>\n\t<meta property=\"og:image:height\" content=\"300\" \/>\n\t<meta property=\"og:image:type\" content=\"image\/png\" \/>\n<meta name=\"twitter:card\" content=\"summary_large_image\" \/>\n<script type=\"application\/ld+json\" class=\"yoast-schema-graph\">{\"@context\":\"https:\/\/schema.org\",\"@graph\":[{\"@type\":\"WebPage\",\"@id\":\"https:\/\/www.cyclosouvenir.be\/fr\/produit\/plateau-de-beille-les-cabannes\/\",\"url\":\"https:\/\/www.cyclosouvenir.be\/fr\/produit\/plateau-de-beille-les-cabannes\/\",\"name\":\"Plateau de Beille - Les Cabannes - Cyclosouvenir\",\"isPartOf\":{\"@id\":\"https:\/\/www.cyclosouvenir.be\/fr\/#website\"},\"primaryImageOfPage\":{\"@id\":\"https:\/\/www.cyclosouvenir.be\/fr\/produit\/plateau-de-beille-les-cabannes\/#primaryimage\"},\"image\":{\"@id\":\"https:\/\/www.cyclosouvenir.be\/fr\/produit\/plateau-de-beille-les-cabannes\/#primaryimage\"},\"thumbnailUrl\":\"https:\/\/www.cyclosouvenir.be\/wp-content\/uploads\/2024\/02\/Plateau_de_Beille_Les_Cabannes.png\",\"datePublished\":\"2024-02-13T11:36:52+00:00\",\"dateModified\":\"2024-05-09T12:27:03+00:00\",\"breadcrumb\":{\"@id\":\"https:\/\/www.cyclosouvenir.be\/fr\/produit\/plateau-de-beille-les-cabannes\/#breadcrumb\"},\"inLanguage\":\"fr-FR\",\"potentialAction\":[{\"@type\":\"ReadAction\",\"target\":[\"https:\/\/www.cyclosouvenir.be\/fr\/produit\/plateau-de-beille-les-cabannes\/\"]}]},{\"@type\":\"ImageObject\",\"inLanguage\":\"fr-FR\",\"@id\":\"https:\/\/www.cyclosouvenir.be\/fr\/produit\/plateau-de-beille-les-cabannes\/#primaryimage\",\"url\":\"https:\/\/www.cyclosouvenir.be\/wp-content\/uploads\/2024\/02\/Plateau_de_Beille_Les_Cabannes.png\",\"contentUrl\":\"https:\/\/www.cyclosouvenir.be\/wp-content\/uploads\/2024\/02\/Plateau_de_Beille_Les_Cabannes.png\",\"width\":250,\"height\":300},{\"@type\":\"BreadcrumbList\",\"@id\":\"https:\/\/www.cyclosouvenir.be\/fr\/produit\/plateau-de-beille-les-cabannes\/#breadcrumb\",\"itemListElement\":[{\"@type\":\"ListItem\",\"position\":1,\"name\":\"Home\",\"item\":\"https:\/\/www.cyclosouvenir.be\/fr\/\"},{\"@type\":\"ListItem\",\"position\":2,\"name\":\"Boutique\",\"item\":\"https:\/\/www.cyclosouvenir.be\/fr\/boutique\/\"},{\"@type\":\"ListItem\",\"position\":3,\"name\":\"Plateau de Beille &#8211; Les Cabannes\"}]},{\"@type\":\"WebSite\",\"@id\":\"https:\/\/www.cyclosouvenir.be\/fr\/#website\",\"url\":\"https:\/\/www.cyclosouvenir.be\/fr\/\",\"name\":\"Cyclosouvenir\",\"description\":\"De trofee voor een memorabele beklimming.\",\"publisher\":{\"@id\":\"https:\/\/www.cyclosouvenir.be\/fr\/#organization\"},\"potentialAction\":[{\"@type\":\"SearchAction\",\"target\":{\"@type\":\"EntryPoint\",\"urlTemplate\":\"https:\/\/www.cyclosouvenir.be\/fr\/?s={search_term_string}\"},\"query-input\":{\"@type\":\"PropertyValueSpecification\",\"valueRequired\":true,\"valueName\":\"search_term_string\"}}],\"inLanguage\":\"fr-FR\"},{\"@type\":\"Organization\",\"@id\":\"https:\/\/www.cyclosouvenir.be\/fr\/#organization\",\"name\":\"Cyclosouvenir\",\"url\":\"https:\/\/www.cyclosouvenir.be\/fr\/\",\"logo\":{\"@type\":\"ImageObject\",\"inLanguage\":\"fr-FR\",\"@id\":\"https:\/\/www.cyclosouvenir.be\/fr\/#\/schema\/logo\/image\/\",\"url\":\"https:\/\/www.cyclosouvenir.be\/wp-content\/uploads\/2024\/02\/Cyclosouvenir_Banner-removebg-preview.png\",\"contentUrl\":\"https:\/\/www.cyclosouvenir.be\/wp-content\/uploads\/2024\/02\/Cyclosouvenir_Banner-removebg-preview.png\",\"width\":997,\"height\":250,\"caption\":\"Cyclosouvenir\"},\"image\":{\"@id\":\"https:\/\/www.cyclosouvenir.be\/fr\/#\/schema\/logo\/image\/\"}}]}<\/script>\n<!-- \/ Yoast SEO plugin. -->","yoast_head_json":{"title":"Plateau de Beille - Les Cabannes - Cyclosouvenir","robots":{"index":"index","follow":"follow","max-snippet":"max-snippet:-1","max-image-preview":"max-image-preview:large","max-video-preview":"max-video-preview:-1"},"canonical":"https:\/\/www.cyclosouvenir.be\/fr\/produit\/plateau-de-beille-les-cabannes\/","og_locale":"fr_FR","og_type":"article","og_title":"Plateau de Beille - Les Cabannes - Cyclosouvenir","og_description":"Le Plateau de Beille est une station de sports d'hiver situ\u00e9e dans les Pyr\u00e9n\u00e9es fran\u00e7aises. La ville est situ\u00e9e dans la r\u00e9gion Occitanie, dans le d\u00e9partement de l'Ari\u00e8ge. Le Plateau de Beille a \u00e9t\u00e9 six fois le point d'arriv\u00e9e du Tour de France. Les trois premi\u00e8res fois, c'est le futur vainqueur du Tour qui a remport\u00e9 l'\u00e9tape. En 1998, Marco Pantani a remport\u00e9 l'arriv\u00e9e en c\u00f4te. Lors du Tour 2007, c'est Alberto Contador qui a r\u00e9ussi \u00e0 battre Michael Rasmussen au sprint. En 2011 \u00e9galement, le Plateau de Beille a \u00e9t\u00e9 inclus comme lieu d'arriv\u00e9e et c'est l\u00e0 que Jelle Vanendert a franchi la ligne en premier. Lance Armstrong a \u00e9galement gagn\u00e9 sur le Plateau de Beille (deux fois m\u00eame), mais apr\u00e8s que ses 7 victoires sur le Tour lui ont \u00e9t\u00e9 retir\u00e9es, ces 2 victoires d'\u00e9tape ont \u00e9galement \u00e9t\u00e9 perdues. Wikip\u00e9dia","og_url":"https:\/\/www.cyclosouvenir.be\/fr\/produit\/plateau-de-beille-les-cabannes\/","og_site_name":"Cyclosouvenir","article_modified_time":"2024-05-09T12:27:03+00:00","og_image":[{"width":250,"height":300,"url":"https:\/\/www.cyclosouvenir.be\/wp-content\/uploads\/2024\/02\/Plateau_de_Beille_Les_Cabannes.png","type":"image\/png"}],"twitter_card":"summary_large_image","schema":{"@context":"https:\/\/schema.org","@graph":[{"@type":"WebPage","@id":"https:\/\/www.cyclosouvenir.be\/fr\/produit\/plateau-de-beille-les-cabannes\/","url":"https:\/\/www.cyclosouvenir.be\/fr\/produit\/plateau-de-beille-les-cabannes\/","name":"Plateau de Beille - Les Cabannes - Cyclosouvenir","isPartOf":{"@id":"https:\/\/www.cyclosouvenir.be\/fr\/#website"},"primaryImageOfPage":{"@id":"https:\/\/www.cyclosouvenir.be\/fr\/produit\/plateau-de-beille-les-cabannes\/#primaryimage"},"image":{"@id":"https:\/\/www.cyclosouvenir.be\/fr\/produit\/plateau-de-beille-les-cabannes\/#primaryimage"},"thumbnailUrl":"https:\/\/www.cyclosouvenir.be\/wp-content\/uploads\/2024\/02\/Plateau_de_Beille_Les_Cabannes.png","datePublished":"2024-02-13T11:36:52+00:00","dateModified":"2024-05-09T12:27:03+00:00","breadcrumb":{"@id":"https:\/\/www.cyclosouvenir.be\/fr\/produit\/plateau-de-beille-les-cabannes\/#breadcrumb"},"inLanguage":"fr-FR","potentialAction":[{"@type":"ReadAction","target":["https:\/\/www.cyclosouvenir.be\/fr\/produit\/plateau-de-beille-les-cabannes\/"]}]},{"@type":"ImageObject","inLanguage":"fr-FR","@id":"https:\/\/www.cyclosouvenir.be\/fr\/produit\/plateau-de-beille-les-cabannes\/#primaryimage","url":"https:\/\/www.cyclosouvenir.be\/wp-content\/uploads\/2024\/02\/Plateau_de_Beille_Les_Cabannes.png","contentUrl":"https:\/\/www.cyclosouvenir.be\/wp-content\/uploads\/2024\/02\/Plateau_de_Beille_Les_Cabannes.png","width":250,"height":300},{"@type":"BreadcrumbList","@id":"https:\/\/www.cyclosouvenir.be\/fr\/produit\/plateau-de-beille-les-cabannes\/#breadcrumb","itemListElement":[{"@type":"ListItem","position":1,"name":"Home","item":"https:\/\/www.cyclosouvenir.be\/fr\/"},{"@type":"ListItem","position":2,"name":"Boutique","item":"https:\/\/www.cyclosouvenir.be\/fr\/boutique\/"},{"@type":"ListItem","position":3,"name":"Plateau de Beille &#8211; Les Cabannes"}]},{"@type":"WebSite","@id":"https:\/\/www.cyclosouvenir.be\/fr\/#website","url":"https:\/\/www.cyclosouvenir.be\/fr\/","name":"Cyclosouvenir","description":"De trofee voor een memorabele beklimming.","publisher":{"@id":"https:\/\/www.cyclosouvenir.be\/fr\/#organization"},"potentialAction":[{"@type":"SearchAction","target":{"@type":"EntryPoint","urlTemplate":"https:\/\/www.cyclosouvenir.be\/fr\/?s={search_term_string}"},"query-input":{"@type":"PropertyValueSpecification","valueRequired":true,"valueName":"search_term_string"}}],"inLanguage":"fr-FR"},{"@type":"Organization","@id":"https:\/\/www.cyclosouvenir.be\/fr\/#organization","name":"Cyclosouvenir","url":"https:\/\/www.cyclosouvenir.be\/fr\/","logo":{"@type":"ImageObject","inLanguage":"fr-FR","@id":"https:\/\/www.cyclosouvenir.be\/fr\/#\/schema\/logo\/image\/","url":"https:\/\/www.cyclosouvenir.be\/wp-content\/uploads\/2024\/02\/Cyclosouvenir_Banner-removebg-preview.png","contentUrl":"https:\/\/www.cyclosouvenir.be\/wp-content\/uploads\/2024\/02\/Cyclosouvenir_Banner-removebg-preview.png","width":997,"height":250,"caption":"Cyclosouvenir"},"image":{"@id":"https:\/\/www.cyclosouvenir.be\/fr\/#\/schema\/logo\/image\/"}}]}},"_links":{"self":[{"href":"https:\/\/www.cyclosouvenir.be\/fr\/wp-json\/wp\/v2\/product\/12019","targetHints":{"allow":["GET"]}}],"collection":[{"href":"https:\/\/www.cyclosouvenir.be\/fr\/wp-json\/wp\/v2\/product"}],"about":[{"href":"https:\/\/www.cyclosouvenir.be\/fr\/wp-json\/wp\/v2\/types\/product"}],"replies":[{"embeddable":true,"href":"https:\/\/www.cyclosouvenir.be\/fr\/wp-json\/wp\/v2\/comments?post=12019"}],"wp:featuredmedia":[{"embeddable":true,"href":"https:\/\/www.cyclosouvenir.be\/fr\/wp-json\/wp\/v2\/media\/174"}],"wp:attachment":[{"href":"https:\/\/www.cyclosouvenir.be\/fr\/wp-json\/wp\/v2\/media?parent=12019"}],"wp:term":[{"taxonomy":"product_brand","embeddable":true,"href":"https:\/\/www.cyclosouvenir.be\/fr\/wp-json\/wp\/v2\/product_brand?post=12019"},{"taxonomy":"product_cat","embeddable":true,"href":"https:\/\/www.cyclosouvenir.be\/fr\/wp-json\/wp\/v2\/product_cat?post=12019"},{"taxonomy":"product_tag","embeddable":true,"href":"https:\/\/www.cyclosouvenir.be\/fr\/wp-json\/wp\/v2\/product_tag?post=12019"}],"curies":[{"name":"wp","href":"https:\/\/api.w.org\/{rel}","templated":true}]}}