{"id":12135,"date":"2024-04-13T10:42:55","date_gmt":"2024-04-13T10:42:55","guid":{"rendered":"https:\/\/demo9.inetproductions.be\/product\/eyserbosweg-agr\/"},"modified":"2025-07-13T09:19:41","modified_gmt":"2025-07-13T09:19:41","slug":"eyserbosweg-agr","status":"publish","type":"product","link":"https:\/\/www.cyclosouvenir.be\/fr\/produit\/eyserbosweg-agr\/","title":{"rendered":"Eyserbosweg &#8211; AGR"},"content":{"rendered":"","protected":false},"excerpt":{"rendered":"<p><b>Eyserbosweg<\/b> est une <a title=\"Rue (route pav\u00e9e)\" href=\"https:\/\/nl.wikipedia.org\/wiki\/Straat_(verharde_weg)\">rue<\/a> pr\u00e8s du village <a title=\"La Hollande\" href=\"https:\/\/nl.wikipedia.org\/wiki\/Nederland\">n\u00e9erlandais<\/a> <a title=\"Eys\" href=\"https:\/\/nl.wikipedia.org\/wiki\/Eys\">d&rsquo;Eys<\/a> (province du <a title=\"Limbourg (province hollandaise)\" href=\"https:\/\/nl.wikipedia.org\/wiki\/Limburg_(Nederlandse_provincie)\">Limbourg<\/a>). La rue en pente s&rsquo;\u00e9tend au nord-ouest du village en direction du nord-est, vers le plateau o\u00f9 se termine \u00e9galement la petite rue <a title=\"Eyserweg\" href=\"https:\/\/nl.wikipedia.org\/wiki\/Eyserweg\">Eyserweg<\/a>. Dans cette rue se trouve l<a title=\"Eyserbos\" href=\"https:\/\/nl.wikipedia.org\/wiki\/Eyserbos\">&lsquo;Eyserbos<\/a> (d&rsquo;o\u00f9 son nom) et la tour de t\u00e9l\u00e9vision (m\u00e2t de radio et de t\u00e9l\u00e9vision) d&rsquo;Eys, le <a title=\"M\u00e2t radio Eys\" href=\"https:\/\/nl.wikipedia.org\/wiki\/Zendmast_Eys\">m\u00e2t \u00e9metteur d&rsquo;Eys<\/a>.<\/p>\n<p>En <a title=\"Le cyclisme\" href=\"https:\/\/nl.wikipedia.org\/wiki\/Wielersport\">cyclisme<\/a>, c&rsquo;est l&rsquo;une des mont\u00e9es les plus d\u00e9licates du Limbourg m\u00e9ridional. La rue est longue de 1020 m\u00e8tres et haute de 90 m\u00e8tres. La pente a un taux de mont\u00e9e moyen de 8,8 %, avec un taux de mont\u00e9e maximum de 16,2 %.<\/p>\n<p>Cette colline a figur\u00e9 \u00e0 plusieurs reprises dans l&rsquo;<a title=\"Amstel Gold Race\" href=\"https:\/\/nl.wikipedia.org\/wiki\/Amstel_Gold_Race\">Amstel Gold Race<\/a> et le <a title=\"Tour des Pays-Bas\" href=\"https:\/\/nl.wikipedia.org\/wiki\/Ronde_van_Nederland\">Tour des Pays-Bas.<\/a> Lors de l&rsquo;Amstel Gold Race 2002, <a title=\"Michael Boogerd\" href=\"https:\/\/nl.wikipedia.org\/wiki\/Michael_Boogerd\">Michael Boogerd<\/a> a commenc\u00e9 son avance sur cette pente. Il devait se trouver au niveau d&rsquo;un banc au bord de la route.<\/p>\n<p>En 2014, la route a fait partie de la 7e \u00e9tape de l&rsquo;<a title=\"Eneco Tour 2014\" href=\"https:\/\/nl.wikipedia.org\/wiki\/Eneco_Tour_2014\">Eneco Tour<\/a> . Source : Wikipedia<\/p>\n","protected":false},"featured_media":12132,"comment_status":"open","ping_status":"closed","template":"","meta":{"_et_pb_use_builder":"","_et_pb_old_content":"","_et_gb_content_width":""},"product_brand":[],"product_cat":[2577,3387,306],"product_tag":[],"class_list":{"0":"post-12135","1":"product","2":"type-product","3":"status-publish","4":"has-post-thumbnail","6":"product_cat-nederland-fr","7":"product_cat-agr-fr","8":"product_cat-bornes","9":"tm-has-options","11":"first","12":"instock","13":"taxable","14":"shipping-taxable","15":"purchasable","16":"product-type-simple"},"yoast_head":"<!-- This site is optimized with the Yoast SEO plugin v26.2 - https:\/\/yoast.com\/wordpress\/plugins\/seo\/ -->\n<title>Eyserbosweg - AGR - Cyclosouvenir<\/title>\n<meta name=\"robots\" content=\"index, follow, max-snippet:-1, max-image-preview:large, max-video-preview:-1\" \/>\n<link rel=\"canonical\" href=\"https:\/\/www.cyclosouvenir.be\/fr\/produit\/eyserbosweg-agr\/\" \/>\n<meta property=\"og:locale\" content=\"fr_FR\" \/>\n<meta property=\"og:type\" content=\"article\" \/>\n<meta property=\"og:title\" content=\"Eyserbosweg - AGR - Cyclosouvenir\" \/>\n<meta property=\"og:description\" content=\"Eyserbosweg est une rue pr\u00e8s du village n\u00e9erlandais d&#039;Eys (province du Limbourg). La rue en pente s&#039;\u00e9tend au nord-ouest du village en direction du nord-est, vers le plateau o\u00f9 se termine \u00e9galement la petite rue Eyserweg. Dans cette rue se trouve l&#039;Eyserbos (d&#039;o\u00f9 son nom) et la tour de t\u00e9l\u00e9vision (m\u00e2t de radio et de t\u00e9l\u00e9vision) d&#039;Eys, le m\u00e2t \u00e9metteur d&#039;Eys. En cyclisme, c&#039;est l&#039;une des mont\u00e9es les plus d\u00e9licates du Limbourg m\u00e9ridional. La rue est longue de 1020 m\u00e8tres et haute de 90 m\u00e8tres. La pente a un taux de mont\u00e9e moyen de 8,8 %, avec un taux de mont\u00e9e maximum de 16,2 %. Cette colline a figur\u00e9 \u00e0 plusieurs reprises dans l&#039;Amstel Gold Race et le Tour des Pays-Bas. Lors de l&#039;Amstel Gold Race 2002, Michael Boogerd a commenc\u00e9 son avance sur cette pente. Il devait se trouver au niveau d&#039;un banc au bord de la route. En 2014, la route a fait partie de la 7e \u00e9tape de l&#039;Eneco Tour . Source : Wikipedia\" \/>\n<meta property=\"og:url\" content=\"https:\/\/www.cyclosouvenir.be\/fr\/produit\/eyserbosweg-agr\/\" \/>\n<meta property=\"og:site_name\" content=\"Cyclosouvenir\" \/>\n<meta property=\"article:modified_time\" content=\"2025-07-13T09:19:41+00:00\" \/>\n<meta property=\"og:image\" content=\"https:\/\/www.cyclosouvenir.be\/wp-content\/uploads\/2024\/04\/Eyserbosweg.png\" \/>\n\t<meta property=\"og:image:width\" content=\"250\" \/>\n\t<meta property=\"og:image:height\" content=\"300\" \/>\n\t<meta property=\"og:image:type\" content=\"image\/png\" \/>\n<meta name=\"twitter:card\" content=\"summary_large_image\" \/>\n<script type=\"application\/ld+json\" class=\"yoast-schema-graph\">{\"@context\":\"https:\/\/schema.org\",\"@graph\":[{\"@type\":\"WebPage\",\"@id\":\"https:\/\/www.cyclosouvenir.be\/fr\/produit\/eyserbosweg-agr\/\",\"url\":\"https:\/\/www.cyclosouvenir.be\/fr\/produit\/eyserbosweg-agr\/\",\"name\":\"Eyserbosweg - AGR - Cyclosouvenir\",\"isPartOf\":{\"@id\":\"https:\/\/www.cyclosouvenir.be\/fr\/#website\"},\"primaryImageOfPage\":{\"@id\":\"https:\/\/www.cyclosouvenir.be\/fr\/produit\/eyserbosweg-agr\/#primaryimage\"},\"image\":{\"@id\":\"https:\/\/www.cyclosouvenir.be\/fr\/produit\/eyserbosweg-agr\/#primaryimage\"},\"thumbnailUrl\":\"https:\/\/www.cyclosouvenir.be\/wp-content\/uploads\/2024\/04\/Eyserbosweg.png\",\"datePublished\":\"2024-04-13T10:42:55+00:00\",\"dateModified\":\"2025-07-13T09:19:41+00:00\",\"breadcrumb\":{\"@id\":\"https:\/\/www.cyclosouvenir.be\/fr\/produit\/eyserbosweg-agr\/#breadcrumb\"},\"inLanguage\":\"fr-FR\",\"potentialAction\":[{\"@type\":\"ReadAction\",\"target\":[\"https:\/\/www.cyclosouvenir.be\/fr\/produit\/eyserbosweg-agr\/\"]}]},{\"@type\":\"ImageObject\",\"inLanguage\":\"fr-FR\",\"@id\":\"https:\/\/www.cyclosouvenir.be\/fr\/produit\/eyserbosweg-agr\/#primaryimage\",\"url\":\"https:\/\/www.cyclosouvenir.be\/wp-content\/uploads\/2024\/04\/Eyserbosweg.png\",\"contentUrl\":\"https:\/\/www.cyclosouvenir.be\/wp-content\/uploads\/2024\/04\/Eyserbosweg.png\",\"width\":250,\"height\":300},{\"@type\":\"BreadcrumbList\",\"@id\":\"https:\/\/www.cyclosouvenir.be\/fr\/produit\/eyserbosweg-agr\/#breadcrumb\",\"itemListElement\":[{\"@type\":\"ListItem\",\"position\":1,\"name\":\"Home\",\"item\":\"https:\/\/www.cyclosouvenir.be\/fr\/\"},{\"@type\":\"ListItem\",\"position\":2,\"name\":\"Boutique\",\"item\":\"https:\/\/www.cyclosouvenir.be\/fr\/boutique\/\"},{\"@type\":\"ListItem\",\"position\":3,\"name\":\"Eyserbosweg &#8211; AGR\"}]},{\"@type\":\"WebSite\",\"@id\":\"https:\/\/www.cyclosouvenir.be\/fr\/#website\",\"url\":\"https:\/\/www.cyclosouvenir.be\/fr\/\",\"name\":\"Cyclosouvenir\",\"description\":\"De trofee voor een memorabele beklimming.\",\"publisher\":{\"@id\":\"https:\/\/www.cyclosouvenir.be\/fr\/#organization\"},\"potentialAction\":[{\"@type\":\"SearchAction\",\"target\":{\"@type\":\"EntryPoint\",\"urlTemplate\":\"https:\/\/www.cyclosouvenir.be\/fr\/?s={search_term_string}\"},\"query-input\":{\"@type\":\"PropertyValueSpecification\",\"valueRequired\":true,\"valueName\":\"search_term_string\"}}],\"inLanguage\":\"fr-FR\"},{\"@type\":\"Organization\",\"@id\":\"https:\/\/www.cyclosouvenir.be\/fr\/#organization\",\"name\":\"Cyclosouvenir\",\"url\":\"https:\/\/www.cyclosouvenir.be\/fr\/\",\"logo\":{\"@type\":\"ImageObject\",\"inLanguage\":\"fr-FR\",\"@id\":\"https:\/\/www.cyclosouvenir.be\/fr\/#\/schema\/logo\/image\/\",\"url\":\"https:\/\/www.cyclosouvenir.be\/wp-content\/uploads\/2024\/02\/Cyclosouvenir_Banner-removebg-preview.png\",\"contentUrl\":\"https:\/\/www.cyclosouvenir.be\/wp-content\/uploads\/2024\/02\/Cyclosouvenir_Banner-removebg-preview.png\",\"width\":997,\"height\":250,\"caption\":\"Cyclosouvenir\"},\"image\":{\"@id\":\"https:\/\/www.cyclosouvenir.be\/fr\/#\/schema\/logo\/image\/\"}}]}<\/script>\n<!-- \/ Yoast SEO plugin. -->","yoast_head_json":{"title":"Eyserbosweg - AGR - Cyclosouvenir","robots":{"index":"index","follow":"follow","max-snippet":"max-snippet:-1","max-image-preview":"max-image-preview:large","max-video-preview":"max-video-preview:-1"},"canonical":"https:\/\/www.cyclosouvenir.be\/fr\/produit\/eyserbosweg-agr\/","og_locale":"fr_FR","og_type":"article","og_title":"Eyserbosweg - AGR - Cyclosouvenir","og_description":"Eyserbosweg est une rue pr\u00e8s du village n\u00e9erlandais d'Eys (province du Limbourg). La rue en pente s'\u00e9tend au nord-ouest du village en direction du nord-est, vers le plateau o\u00f9 se termine \u00e9galement la petite rue Eyserweg. Dans cette rue se trouve l'Eyserbos (d'o\u00f9 son nom) et la tour de t\u00e9l\u00e9vision (m\u00e2t de radio et de t\u00e9l\u00e9vision) d'Eys, le m\u00e2t \u00e9metteur d'Eys. En cyclisme, c'est l'une des mont\u00e9es les plus d\u00e9licates du Limbourg m\u00e9ridional. La rue est longue de 1020 m\u00e8tres et haute de 90 m\u00e8tres. La pente a un taux de mont\u00e9e moyen de 8,8 %, avec un taux de mont\u00e9e maximum de 16,2 %. Cette colline a figur\u00e9 \u00e0 plusieurs reprises dans l'Amstel Gold Race et le Tour des Pays-Bas. Lors de l'Amstel Gold Race 2002, Michael Boogerd a commenc\u00e9 son avance sur cette pente. Il devait se trouver au niveau d'un banc au bord de la route. En 2014, la route a fait partie de la 7e \u00e9tape de l'Eneco Tour . Source : Wikipedia","og_url":"https:\/\/www.cyclosouvenir.be\/fr\/produit\/eyserbosweg-agr\/","og_site_name":"Cyclosouvenir","article_modified_time":"2025-07-13T09:19:41+00:00","og_image":[{"width":250,"height":300,"url":"https:\/\/www.cyclosouvenir.be\/wp-content\/uploads\/2024\/04\/Eyserbosweg.png","type":"image\/png"}],"twitter_card":"summary_large_image","schema":{"@context":"https:\/\/schema.org","@graph":[{"@type":"WebPage","@id":"https:\/\/www.cyclosouvenir.be\/fr\/produit\/eyserbosweg-agr\/","url":"https:\/\/www.cyclosouvenir.be\/fr\/produit\/eyserbosweg-agr\/","name":"Eyserbosweg - AGR - Cyclosouvenir","isPartOf":{"@id":"https:\/\/www.cyclosouvenir.be\/fr\/#website"},"primaryImageOfPage":{"@id":"https:\/\/www.cyclosouvenir.be\/fr\/produit\/eyserbosweg-agr\/#primaryimage"},"image":{"@id":"https:\/\/www.cyclosouvenir.be\/fr\/produit\/eyserbosweg-agr\/#primaryimage"},"thumbnailUrl":"https:\/\/www.cyclosouvenir.be\/wp-content\/uploads\/2024\/04\/Eyserbosweg.png","datePublished":"2024-04-13T10:42:55+00:00","dateModified":"2025-07-13T09:19:41+00:00","breadcrumb":{"@id":"https:\/\/www.cyclosouvenir.be\/fr\/produit\/eyserbosweg-agr\/#breadcrumb"},"inLanguage":"fr-FR","potentialAction":[{"@type":"ReadAction","target":["https:\/\/www.cyclosouvenir.be\/fr\/produit\/eyserbosweg-agr\/"]}]},{"@type":"ImageObject","inLanguage":"fr-FR","@id":"https:\/\/www.cyclosouvenir.be\/fr\/produit\/eyserbosweg-agr\/#primaryimage","url":"https:\/\/www.cyclosouvenir.be\/wp-content\/uploads\/2024\/04\/Eyserbosweg.png","contentUrl":"https:\/\/www.cyclosouvenir.be\/wp-content\/uploads\/2024\/04\/Eyserbosweg.png","width":250,"height":300},{"@type":"BreadcrumbList","@id":"https:\/\/www.cyclosouvenir.be\/fr\/produit\/eyserbosweg-agr\/#breadcrumb","itemListElement":[{"@type":"ListItem","position":1,"name":"Home","item":"https:\/\/www.cyclosouvenir.be\/fr\/"},{"@type":"ListItem","position":2,"name":"Boutique","item":"https:\/\/www.cyclosouvenir.be\/fr\/boutique\/"},{"@type":"ListItem","position":3,"name":"Eyserbosweg &#8211; AGR"}]},{"@type":"WebSite","@id":"https:\/\/www.cyclosouvenir.be\/fr\/#website","url":"https:\/\/www.cyclosouvenir.be\/fr\/","name":"Cyclosouvenir","description":"De trofee voor een memorabele beklimming.","publisher":{"@id":"https:\/\/www.cyclosouvenir.be\/fr\/#organization"},"potentialAction":[{"@type":"SearchAction","target":{"@type":"EntryPoint","urlTemplate":"https:\/\/www.cyclosouvenir.be\/fr\/?s={search_term_string}"},"query-input":{"@type":"PropertyValueSpecification","valueRequired":true,"valueName":"search_term_string"}}],"inLanguage":"fr-FR"},{"@type":"Organization","@id":"https:\/\/www.cyclosouvenir.be\/fr\/#organization","name":"Cyclosouvenir","url":"https:\/\/www.cyclosouvenir.be\/fr\/","logo":{"@type":"ImageObject","inLanguage":"fr-FR","@id":"https:\/\/www.cyclosouvenir.be\/fr\/#\/schema\/logo\/image\/","url":"https:\/\/www.cyclosouvenir.be\/wp-content\/uploads\/2024\/02\/Cyclosouvenir_Banner-removebg-preview.png","contentUrl":"https:\/\/www.cyclosouvenir.be\/wp-content\/uploads\/2024\/02\/Cyclosouvenir_Banner-removebg-preview.png","width":997,"height":250,"caption":"Cyclosouvenir"},"image":{"@id":"https:\/\/www.cyclosouvenir.be\/fr\/#\/schema\/logo\/image\/"}}]}},"_links":{"self":[{"href":"https:\/\/www.cyclosouvenir.be\/fr\/wp-json\/wp\/v2\/product\/12135","targetHints":{"allow":["GET"]}}],"collection":[{"href":"https:\/\/www.cyclosouvenir.be\/fr\/wp-json\/wp\/v2\/product"}],"about":[{"href":"https:\/\/www.cyclosouvenir.be\/fr\/wp-json\/wp\/v2\/types\/product"}],"replies":[{"embeddable":true,"href":"https:\/\/www.cyclosouvenir.be\/fr\/wp-json\/wp\/v2\/comments?post=12135"}],"wp:featuredmedia":[{"embeddable":true,"href":"https:\/\/www.cyclosouvenir.be\/fr\/wp-json\/wp\/v2\/media\/12132"}],"wp:attachment":[{"href":"https:\/\/www.cyclosouvenir.be\/fr\/wp-json\/wp\/v2\/media?parent=12135"}],"wp:term":[{"taxonomy":"product_brand","embeddable":true,"href":"https:\/\/www.cyclosouvenir.be\/fr\/wp-json\/wp\/v2\/product_brand?post=12135"},{"taxonomy":"product_cat","embeddable":true,"href":"https:\/\/www.cyclosouvenir.be\/fr\/wp-json\/wp\/v2\/product_cat?post=12135"},{"taxonomy":"product_tag","embeddable":true,"href":"https:\/\/www.cyclosouvenir.be\/fr\/wp-json\/wp\/v2\/product_tag?post=12135"}],"curies":[{"name":"wp","href":"https:\/\/api.w.org\/{rel}","templated":true}]}}