{"id":12136,"date":"2024-04-13T10:42:55","date_gmt":"2024-04-13T10:42:55","guid":{"rendered":"https:\/\/demo9.inetproductions.be\/product\/eyserbosweg-agr\/"},"modified":"2025-07-13T09:19:42","modified_gmt":"2025-07-13T09:19:42","slug":"eyserbosweg-agr","status":"publish","type":"product","link":"https:\/\/www.cyclosouvenir.be\/it\/prodotto\/eyserbosweg-agr\/","title":{"rendered":"Eyserbosweg &#8211; AGR"},"content":{"rendered":"","protected":false},"excerpt":{"rendered":"<p><b>Eyserbosweg<\/b> \u00e8 una <a title=\"Strada (strada asfaltata)\" href=\"https:\/\/nl.wikipedia.org\/wiki\/Straat_(verharde_weg)\">strada<\/a> nei pressi del villaggio <a title=\"Ollanda\" href=\"https:\/\/nl.wikipedia.org\/wiki\/Nederland\">olandese<\/a> di <a title=\"Eys\" href=\"https:\/\/nl.wikipedia.org\/wiki\/Eys\">Eys<\/a> (provincia di <a title=\"Limburgo (provincia olanese)\" href=\"https:\/\/nl.wikipedia.org\/wiki\/Limburg_(Nederlandse_provincie)\">Limburgo<\/a>). La strada in pendenza corre a nord-ovest del villaggio in direzione nord-est, verso l&#8217;altopiano dove termina anche l&#8217;<a title=\"Eyserweg\" href=\"https:\/\/nl.wikipedia.org\/wiki\/Eyserweg\">Eyserweg<\/a> minore. Su questa strada si trova l&#8217;<a title=\"Eyserbos\" href=\"https:\/\/nl.wikipedia.org\/wiki\/Eyserbos\">Eyserbos<\/a> (da cui il nome) e la torre televisiva (albero radiotelevisivo) di Eys, l&#8217;<a title=\"Traliccio radio Eys\" href=\"https:\/\/nl.wikipedia.org\/wiki\/Zendmast_Eys\">albero trasmittente di Eys<\/a>.<\/p>\n<p>In <a title=\"Ciclismo\" href=\"https:\/\/nl.wikipedia.org\/wiki\/Wielersport\">cyclismo<\/a>, \u00e8 una delle salite pi\u00f9 difficili del Limburgo meridionale. La strada \u00e8 lunga 1020 metri e alta 90 metri. Il pendio ha un tasso di salita medio dell&#8217;8,8%, con un tasso di salita massimo del 16,2%.<\/p>\n<p>Questa collina \u00e8 stata pi\u00f9 volte protagonista dell&#8217;<a title=\"Amstel Gold Race\" href=\"https:\/\/nl.wikipedia.org\/wiki\/Amstel_Gold_Race\">Amstel Gold Race<\/a> e del <a title=\"Tour dei Paesi Bassi\" href=\"https:\/\/nl.wikipedia.org\/wiki\/Ronde_van_Nederland\">Giro dei Paesi Bassi.<\/a> Nell&#8217;Amstel Gold Race del 2002, <a title=\"Michael Boogerd\" href=\"https:\/\/nl.wikipedia.org\/wiki\/Michael_Boogerd\">Michael Boogerd<\/a> ha iniziato la sua avanzata su questa pista. Questo sarebbe stato all&#8217;altezza di una panchina accanto alla strada.<\/p>\n<p>Nel 2014, la strada ha fatto parte della settima tappa dell&#8217;<a title=\"Eneco Tour 2014\" href=\"https:\/\/nl.wikipedia.org\/wiki\/Eneco_Tour_2014\">Eneco Tour<\/a>. Fonte Wikipedia<\/p>\n","protected":false},"featured_media":12133,"comment_status":"open","ping_status":"closed","template":"","meta":{"_et_pb_use_builder":"","_et_pb_old_content":"","_et_gb_content_width":""},"product_brand":[],"product_cat":[2578,3388,562],"product_tag":[],"class_list":{"0":"post-12136","1":"product","2":"type-product","3":"status-publish","4":"has-post-thumbnail","6":"product_cat-olanda","7":"product_cat-agr-it","8":"product_cat-cippi","9":"tm-has-options","11":"first","12":"instock","13":"taxable","14":"shipping-taxable","15":"purchasable","16":"product-type-simple"},"yoast_head":"<!-- This site is optimized with the Yoast SEO plugin v26.2 - https:\/\/yoast.com\/wordpress\/plugins\/seo\/ -->\n<title>Eyserbosweg - AGR - Cyclosouvenir<\/title>\n<meta name=\"robots\" content=\"index, follow, max-snippet:-1, max-image-preview:large, max-video-preview:-1\" \/>\n<link rel=\"canonical\" href=\"https:\/\/www.cyclosouvenir.be\/it\/prodotto\/eyserbosweg-agr\/\" \/>\n<meta property=\"og:locale\" content=\"it_IT\" \/>\n<meta property=\"og:type\" content=\"article\" \/>\n<meta property=\"og:title\" content=\"Eyserbosweg - AGR - Cyclosouvenir\" \/>\n<meta property=\"og:description\" content=\"Eyserbosweg \u00e8 una strada nei pressi del villaggio olandese di Eys (provincia di Limburgo). La strada in pendenza corre a nord-ovest del villaggio in direzione nord-est, verso l&#039;altopiano dove termina anche l&#039;Eyserweg minore. Su questa strada si trova l&#039;Eyserbos (da cui il nome) e la torre televisiva (albero radiotelevisivo) di Eys, l&#039;albero trasmittente di Eys. In cyclismo, \u00e8 una delle salite pi\u00f9 difficili del Limburgo meridionale. La strada \u00e8 lunga 1020 metri e alta 90 metri. Il pendio ha un tasso di salita medio dell&#039;8,8%, con un tasso di salita massimo del 16,2%. Questa collina \u00e8 stata pi\u00f9 volte protagonista dell&#039;Amstel Gold Race e del Giro dei Paesi Bassi. Nell&#039;Amstel Gold Race del 2002, Michael Boogerd ha iniziato la sua avanzata su questa pista. Questo sarebbe stato all&#039;altezza di una panchina accanto alla strada. Nel 2014, la strada ha fatto parte della settima tappa dell&#039;Eneco Tour. Fonte Wikipedia\" \/>\n<meta property=\"og:url\" content=\"https:\/\/www.cyclosouvenir.be\/it\/prodotto\/eyserbosweg-agr\/\" \/>\n<meta property=\"og:site_name\" content=\"Cyclosouvenir\" \/>\n<meta property=\"article:modified_time\" content=\"2025-07-13T09:19:42+00:00\" \/>\n<meta property=\"og:image\" content=\"https:\/\/www.cyclosouvenir.be\/wp-content\/uploads\/2024\/04\/Eyserbosweg.png\" \/>\n\t<meta property=\"og:image:width\" content=\"250\" \/>\n\t<meta property=\"og:image:height\" content=\"300\" \/>\n\t<meta property=\"og:image:type\" content=\"image\/png\" \/>\n<meta name=\"twitter:card\" content=\"summary_large_image\" \/>\n<script type=\"application\/ld+json\" class=\"yoast-schema-graph\">{\"@context\":\"https:\/\/schema.org\",\"@graph\":[{\"@type\":\"WebPage\",\"@id\":\"https:\/\/www.cyclosouvenir.be\/it\/prodotto\/eyserbosweg-agr\/\",\"url\":\"https:\/\/www.cyclosouvenir.be\/it\/prodotto\/eyserbosweg-agr\/\",\"name\":\"Eyserbosweg - AGR - Cyclosouvenir\",\"isPartOf\":{\"@id\":\"https:\/\/www.cyclosouvenir.be\/it\/#website\"},\"primaryImageOfPage\":{\"@id\":\"https:\/\/www.cyclosouvenir.be\/it\/prodotto\/eyserbosweg-agr\/#primaryimage\"},\"image\":{\"@id\":\"https:\/\/www.cyclosouvenir.be\/it\/prodotto\/eyserbosweg-agr\/#primaryimage\"},\"thumbnailUrl\":\"https:\/\/www.cyclosouvenir.be\/wp-content\/uploads\/2024\/04\/Eyserbosweg.png\",\"datePublished\":\"2024-04-13T10:42:55+00:00\",\"dateModified\":\"2025-07-13T09:19:42+00:00\",\"breadcrumb\":{\"@id\":\"https:\/\/www.cyclosouvenir.be\/it\/prodotto\/eyserbosweg-agr\/#breadcrumb\"},\"inLanguage\":\"it-IT\",\"potentialAction\":[{\"@type\":\"ReadAction\",\"target\":[\"https:\/\/www.cyclosouvenir.be\/it\/prodotto\/eyserbosweg-agr\/\"]}]},{\"@type\":\"ImageObject\",\"inLanguage\":\"it-IT\",\"@id\":\"https:\/\/www.cyclosouvenir.be\/it\/prodotto\/eyserbosweg-agr\/#primaryimage\",\"url\":\"https:\/\/www.cyclosouvenir.be\/wp-content\/uploads\/2024\/04\/Eyserbosweg.png\",\"contentUrl\":\"https:\/\/www.cyclosouvenir.be\/wp-content\/uploads\/2024\/04\/Eyserbosweg.png\",\"width\":250,\"height\":300},{\"@type\":\"BreadcrumbList\",\"@id\":\"https:\/\/www.cyclosouvenir.be\/it\/prodotto\/eyserbosweg-agr\/#breadcrumb\",\"itemListElement\":[{\"@type\":\"ListItem\",\"position\":1,\"name\":\"Home\",\"item\":\"https:\/\/www.cyclosouvenir.be\/it\/\"},{\"@type\":\"ListItem\",\"position\":2,\"name\":\"Negozio\",\"item\":\"https:\/\/www.cyclosouvenir.be\/it\/negozio\/\"},{\"@type\":\"ListItem\",\"position\":3,\"name\":\"Eyserbosweg &#8211; AGR\"}]},{\"@type\":\"WebSite\",\"@id\":\"https:\/\/www.cyclosouvenir.be\/it\/#website\",\"url\":\"https:\/\/www.cyclosouvenir.be\/it\/\",\"name\":\"Cyclosouvenir\",\"description\":\"De trofee voor een memorabele beklimming.\",\"publisher\":{\"@id\":\"https:\/\/www.cyclosouvenir.be\/it\/#organization\"},\"potentialAction\":[{\"@type\":\"SearchAction\",\"target\":{\"@type\":\"EntryPoint\",\"urlTemplate\":\"https:\/\/www.cyclosouvenir.be\/it\/?s={search_term_string}\"},\"query-input\":{\"@type\":\"PropertyValueSpecification\",\"valueRequired\":true,\"valueName\":\"search_term_string\"}}],\"inLanguage\":\"it-IT\"},{\"@type\":\"Organization\",\"@id\":\"https:\/\/www.cyclosouvenir.be\/it\/#organization\",\"name\":\"Cyclosouvenir\",\"url\":\"https:\/\/www.cyclosouvenir.be\/it\/\",\"logo\":{\"@type\":\"ImageObject\",\"inLanguage\":\"it-IT\",\"@id\":\"https:\/\/www.cyclosouvenir.be\/it\/#\/schema\/logo\/image\/\",\"url\":\"https:\/\/www.cyclosouvenir.be\/wp-content\/uploads\/2024\/02\/Cyclosouvenir_Banner-removebg-preview.png\",\"contentUrl\":\"https:\/\/www.cyclosouvenir.be\/wp-content\/uploads\/2024\/02\/Cyclosouvenir_Banner-removebg-preview.png\",\"width\":997,\"height\":250,\"caption\":\"Cyclosouvenir\"},\"image\":{\"@id\":\"https:\/\/www.cyclosouvenir.be\/it\/#\/schema\/logo\/image\/\"}}]}<\/script>\n<!-- \/ Yoast SEO plugin. -->","yoast_head_json":{"title":"Eyserbosweg - AGR - Cyclosouvenir","robots":{"index":"index","follow":"follow","max-snippet":"max-snippet:-1","max-image-preview":"max-image-preview:large","max-video-preview":"max-video-preview:-1"},"canonical":"https:\/\/www.cyclosouvenir.be\/it\/prodotto\/eyserbosweg-agr\/","og_locale":"it_IT","og_type":"article","og_title":"Eyserbosweg - AGR - Cyclosouvenir","og_description":"Eyserbosweg \u00e8 una strada nei pressi del villaggio olandese di Eys (provincia di Limburgo). La strada in pendenza corre a nord-ovest del villaggio in direzione nord-est, verso l'altopiano dove termina anche l'Eyserweg minore. Su questa strada si trova l'Eyserbos (da cui il nome) e la torre televisiva (albero radiotelevisivo) di Eys, l'albero trasmittente di Eys. In cyclismo, \u00e8 una delle salite pi\u00f9 difficili del Limburgo meridionale. La strada \u00e8 lunga 1020 metri e alta 90 metri. Il pendio ha un tasso di salita medio dell'8,8%, con un tasso di salita massimo del 16,2%. Questa collina \u00e8 stata pi\u00f9 volte protagonista dell'Amstel Gold Race e del Giro dei Paesi Bassi. Nell'Amstel Gold Race del 2002, Michael Boogerd ha iniziato la sua avanzata su questa pista. Questo sarebbe stato all'altezza di una panchina accanto alla strada. Nel 2014, la strada ha fatto parte della settima tappa dell'Eneco Tour. Fonte Wikipedia","og_url":"https:\/\/www.cyclosouvenir.be\/it\/prodotto\/eyserbosweg-agr\/","og_site_name":"Cyclosouvenir","article_modified_time":"2025-07-13T09:19:42+00:00","og_image":[{"width":250,"height":300,"url":"https:\/\/www.cyclosouvenir.be\/wp-content\/uploads\/2024\/04\/Eyserbosweg.png","type":"image\/png"}],"twitter_card":"summary_large_image","schema":{"@context":"https:\/\/schema.org","@graph":[{"@type":"WebPage","@id":"https:\/\/www.cyclosouvenir.be\/it\/prodotto\/eyserbosweg-agr\/","url":"https:\/\/www.cyclosouvenir.be\/it\/prodotto\/eyserbosweg-agr\/","name":"Eyserbosweg - AGR - Cyclosouvenir","isPartOf":{"@id":"https:\/\/www.cyclosouvenir.be\/it\/#website"},"primaryImageOfPage":{"@id":"https:\/\/www.cyclosouvenir.be\/it\/prodotto\/eyserbosweg-agr\/#primaryimage"},"image":{"@id":"https:\/\/www.cyclosouvenir.be\/it\/prodotto\/eyserbosweg-agr\/#primaryimage"},"thumbnailUrl":"https:\/\/www.cyclosouvenir.be\/wp-content\/uploads\/2024\/04\/Eyserbosweg.png","datePublished":"2024-04-13T10:42:55+00:00","dateModified":"2025-07-13T09:19:42+00:00","breadcrumb":{"@id":"https:\/\/www.cyclosouvenir.be\/it\/prodotto\/eyserbosweg-agr\/#breadcrumb"},"inLanguage":"it-IT","potentialAction":[{"@type":"ReadAction","target":["https:\/\/www.cyclosouvenir.be\/it\/prodotto\/eyserbosweg-agr\/"]}]},{"@type":"ImageObject","inLanguage":"it-IT","@id":"https:\/\/www.cyclosouvenir.be\/it\/prodotto\/eyserbosweg-agr\/#primaryimage","url":"https:\/\/www.cyclosouvenir.be\/wp-content\/uploads\/2024\/04\/Eyserbosweg.png","contentUrl":"https:\/\/www.cyclosouvenir.be\/wp-content\/uploads\/2024\/04\/Eyserbosweg.png","width":250,"height":300},{"@type":"BreadcrumbList","@id":"https:\/\/www.cyclosouvenir.be\/it\/prodotto\/eyserbosweg-agr\/#breadcrumb","itemListElement":[{"@type":"ListItem","position":1,"name":"Home","item":"https:\/\/www.cyclosouvenir.be\/it\/"},{"@type":"ListItem","position":2,"name":"Negozio","item":"https:\/\/www.cyclosouvenir.be\/it\/negozio\/"},{"@type":"ListItem","position":3,"name":"Eyserbosweg &#8211; AGR"}]},{"@type":"WebSite","@id":"https:\/\/www.cyclosouvenir.be\/it\/#website","url":"https:\/\/www.cyclosouvenir.be\/it\/","name":"Cyclosouvenir","description":"De trofee voor een memorabele beklimming.","publisher":{"@id":"https:\/\/www.cyclosouvenir.be\/it\/#organization"},"potentialAction":[{"@type":"SearchAction","target":{"@type":"EntryPoint","urlTemplate":"https:\/\/www.cyclosouvenir.be\/it\/?s={search_term_string}"},"query-input":{"@type":"PropertyValueSpecification","valueRequired":true,"valueName":"search_term_string"}}],"inLanguage":"it-IT"},{"@type":"Organization","@id":"https:\/\/www.cyclosouvenir.be\/it\/#organization","name":"Cyclosouvenir","url":"https:\/\/www.cyclosouvenir.be\/it\/","logo":{"@type":"ImageObject","inLanguage":"it-IT","@id":"https:\/\/www.cyclosouvenir.be\/it\/#\/schema\/logo\/image\/","url":"https:\/\/www.cyclosouvenir.be\/wp-content\/uploads\/2024\/02\/Cyclosouvenir_Banner-removebg-preview.png","contentUrl":"https:\/\/www.cyclosouvenir.be\/wp-content\/uploads\/2024\/02\/Cyclosouvenir_Banner-removebg-preview.png","width":997,"height":250,"caption":"Cyclosouvenir"},"image":{"@id":"https:\/\/www.cyclosouvenir.be\/it\/#\/schema\/logo\/image\/"}}]}},"_links":{"self":[{"href":"https:\/\/www.cyclosouvenir.be\/it\/wp-json\/wp\/v2\/product\/12136","targetHints":{"allow":["GET"]}}],"collection":[{"href":"https:\/\/www.cyclosouvenir.be\/it\/wp-json\/wp\/v2\/product"}],"about":[{"href":"https:\/\/www.cyclosouvenir.be\/it\/wp-json\/wp\/v2\/types\/product"}],"replies":[{"embeddable":true,"href":"https:\/\/www.cyclosouvenir.be\/it\/wp-json\/wp\/v2\/comments?post=12136"}],"wp:featuredmedia":[{"embeddable":true,"href":"https:\/\/www.cyclosouvenir.be\/it\/wp-json\/wp\/v2\/media\/12133"}],"wp:attachment":[{"href":"https:\/\/www.cyclosouvenir.be\/it\/wp-json\/wp\/v2\/media?parent=12136"}],"wp:term":[{"taxonomy":"product_brand","embeddable":true,"href":"https:\/\/www.cyclosouvenir.be\/it\/wp-json\/wp\/v2\/product_brand?post=12136"},{"taxonomy":"product_cat","embeddable":true,"href":"https:\/\/www.cyclosouvenir.be\/it\/wp-json\/wp\/v2\/product_cat?post=12136"},{"taxonomy":"product_tag","embeddable":true,"href":"https:\/\/www.cyclosouvenir.be\/it\/wp-json\/wp\/v2\/product_tag?post=12136"}],"curies":[{"name":"wp","href":"https:\/\/api.w.org\/{rel}","templated":true}]}}